{"id":671,"date":"2025-01-06T10:42:04","date_gmt":"2025-01-06T10:42:04","guid":{"rendered":"https:\/\/villa-emely.com\/otisak\/"},"modified":"2025-01-06T10:42:04","modified_gmt":"2025-01-06T10:42:04","slug":"otisak","status":"publish","type":"page","link":"https:\/\/villa-emely.com\/hr\/otisak\/","title":{"rendered":"otisak"},"content":{"rendered":"<p>Oliver Roth<br \/>\n Bertoldstr. 44<br \/>\n 79098 Freiburg<br \/>\n Njema\u010dka <\/p>\n<h3>Kontakt:<\/h3>\n<p>Email: po\u0161ta<a>@villa-emely.com<\/a><\/p>\n<h3>Rje\u0161avanje sporova<\/h3>\n<p>Europska komisija pru\u017ea platformu za online rje\u0161avanje sporova (OS): <a href=\"https:\/\/ec.europa.eu\/consumers\/odr\" target=\"_blank\" rel=\"noopener\">https:\/\/ec.europa.eu\/consumers\/odr<\/a> . Na\u0161u adresu e-po\u0161te mo\u017eete prona\u0107i u impresumu iznad. Nismo voljni niti smo obavezni sudjelovati u postupku rje\u0161avanja sporova pred arbitra\u017eom potro\u0161a\u010da.<\/p>\n<h3>Odgovornost za sadr\u017eaj<\/h3>\n<p>Kao pru\u017eatelji usluga odgovorni smo za vlastiti sadr\u017eaj na ovim stranicama u skladu s op\u0107im zakonima. Me\u0111utim, kao pru\u017eatelj usluga, nismo obvezni nadzirati prenesene ili pohranjene podatke tre\u0107ih strana ili istra\u017eivati \u200b\u200bokolnosti koje ukazuju na nezakonitu aktivnost. Obveze uklanjanja ili blokiranja kori\u0161tenja informacija u skladu s op\u0107im zakonom ostaju nepromijenjene. Me\u0111utim, odgovornost u tom pogledu mogu\u0107a je tek od trenutka saznanja za konkretnu pravnu povredu. Ako postanemo svjesni bilo kakvog odgovaraju\u0107eg kr\u0161enja zakona, odmah \u0107emo ukloniti ovaj sadr\u017eaj. <\/p>\n<h3>Odgovornost za linkove<\/h3>\n<p>Na\u0161a ponuda sadr\u017ei poveznice na vanjske web stranice tre\u0107ih strana na \u010diji sadr\u017eaj nemamo utjecaja. Stoga ne mo\u017eemo preuzeti nikakvu odgovornost za ovaj vanjski sadr\u017eaj. Odgovaraju\u0107i pru\u017eatelj ili operater stranica uvijek je odgovoran za sadr\u017eaj povezanih stranica. Povezane stranice su provjerene zbog mogu\u0107ih zakonskih povreda u vrijeme povezivanja. Ilegalan sadr\u017eaj nije bio vidljiv u vrijeme povezivanja. Me\u0111utim, stalna kontrola sadr\u017eaja povezanih stranica je nerazumna bez konkretnih dokaza o kr\u0161enju zakona. Ako postanemo svjesni bilo kakvog kr\u0161enja zakona, odmah \u0107emo ukloniti takve poveznice.    <\/p>\n<h3>autorsko pravo<\/h3>\n<p>Sadr\u017eaj i radovi na ovim stranicama koje su izradili operateri stranice podlije\u017eu njema\u010dkom zakonu o autorskim pravima. Umno\u017eavanje, obrada, distribucija i bilo kakva vrsta iskori\u0161tavanja izvan granica zakona o autorskim pravima zahtijevaju pisani pristanak doti\u010dnog autora ili kreatora. Preuzimanja i kopije ove stranice dopu\u0161tene su samo za privatnu, nekomercijalnu upotrebu. Ako sadr\u017eaj na ovim stranicama nije kreirao operater, po\u0161tuju se autorska prava tre\u0107ih strana. Konkretno, sadr\u017eaj tre\u0107e strane je ozna\u010den kao takav. Ukoliko ipak saznate za kr\u0161enje autorskih prava, molimo da nas o tome obavijestite. Ako postanemo svjesni bilo kakvog kr\u0161enja zakona, odmah \u0107emo ukloniti takav sadr\u017eaj.  <\/p>\n","protected":false},"excerpt":{"rendered":"<p>Oliver Roth Bertoldstr. 44 79098 Freiburg Njema\u010dka Kontakt: Email: po\u0161ta@villa-emely.com Rje\u0161avanje sporova Europska komisija pru\u017ea platformu za online rje\u0161avanje sporova (OS): https:\/\/ec.europa.eu\/consumers\/odr . Na\u0161u adresu e-po\u0161te mo\u017eete prona\u0107i u impresumu iznad. Nismo voljni niti smo obavezni sudjelovati u postupku rje\u0161avanja sporova pred arbitra\u017eom potro\u0161a\u010da. Odgovornost za sadr\u017eaj Kao pru\u017eatelji usluga odgovorni smo za vlastiti sadr\u017eaj [&hellip;]<\/p>\n","protected":false},"author":1,"featured_media":0,"parent":0,"menu_order":0,"comment_status":"closed","ping_status":"closed","template":"","meta":{"inline_featured_image":false,"footnotes":""},"class_list":["post-671","page","type-page","status-publish","hentry"],"acf":[],"yoast_head":"<!-- This site is optimized with the Yoast SEO plugin v23.9 - https:\/\/yoast.com\/wordpress\/plugins\/seo\/ -->\n<title>otisak - Villa Emely Croatia<\/title>\n<meta name=\"robots\" content=\"index, follow, max-snippet:-1, max-image-preview:large, max-video-preview:-1\" \/>\n<link rel=\"canonical\" href=\"https:\/\/villa-emely.com\/hr\/otisak\/\" \/>\n<meta property=\"og:locale\" content=\"hr_HR\" \/>\n<meta property=\"og:type\" content=\"article\" \/>\n<meta property=\"og:title\" content=\"otisak - Villa Emely Croatia\" \/>\n<meta property=\"og:description\" content=\"Oliver Roth Bertoldstr. 44 79098 Freiburg Njema\u010dka Kontakt: Email: po\u0161ta@villa-emely.com Rje\u0161avanje sporova Europska komisija pru\u017ea platformu za online rje\u0161avanje sporova (OS): https:\/\/ec.europa.eu\/consumers\/odr . Na\u0161u adresu e-po\u0161te mo\u017eete prona\u0107i u impresumu iznad. Nismo voljni niti smo obavezni sudjelovati u postupku rje\u0161avanja sporova pred arbitra\u017eom potro\u0161a\u010da. Odgovornost za sadr\u017eaj Kao pru\u017eatelji usluga odgovorni smo za vlastiti sadr\u017eaj [&hellip;]\" \/>\n<meta property=\"og:url\" content=\"https:\/\/villa-emely.com\/hr\/otisak\/\" \/>\n<meta property=\"og:site_name\" content=\"Villa Emely Croatia\" \/>\n<meta name=\"twitter:card\" content=\"summary_large_image\" \/>\n<meta name=\"twitter:label1\" content=\"Procijenjeno vrijeme \u010ditanja\" \/>\n\t<meta name=\"twitter:data1\" content=\"2 minute\" \/>\n<script type=\"application\/ld+json\" class=\"yoast-schema-graph\">{\"@context\":\"https:\/\/schema.org\",\"@graph\":[{\"@type\":\"WebPage\",\"@id\":\"https:\/\/villa-emely.com\/hr\/otisak\/\",\"url\":\"https:\/\/villa-emely.com\/hr\/otisak\/\",\"name\":\"otisak - Villa Emely Croatia\",\"isPartOf\":{\"@id\":\"https:\/\/villa-emely.com\/hr\/#website\"},\"datePublished\":\"2025-01-06T10:42:04+00:00\",\"dateModified\":\"2025-01-06T10:42:04+00:00\",\"breadcrumb\":{\"@id\":\"https:\/\/villa-emely.com\/hr\/otisak\/#breadcrumb\"},\"inLanguage\":\"hr\",\"potentialAction\":[{\"@type\":\"ReadAction\",\"target\":[\"https:\/\/villa-emely.com\/hr\/otisak\/\"]}]},{\"@type\":\"BreadcrumbList\",\"@id\":\"https:\/\/villa-emely.com\/hr\/otisak\/#breadcrumb\",\"itemListElement\":[{\"@type\":\"ListItem\",\"position\":1,\"name\":\"Startseite\",\"item\":\"https:\/\/villa-emely.com\/hr\/\"},{\"@type\":\"ListItem\",\"position\":2,\"name\":\"otisak\"}]},{\"@type\":\"WebSite\",\"@id\":\"https:\/\/villa-emely.com\/hr\/#website\",\"url\":\"https:\/\/villa-emely.com\/hr\/\",\"name\":\"Villa Emely Croatia\",\"description\":\"\",\"potentialAction\":[{\"@type\":\"SearchAction\",\"target\":{\"@type\":\"EntryPoint\",\"urlTemplate\":\"https:\/\/villa-emely.com\/hr\/?s={search_term_string}\"},\"query-input\":{\"@type\":\"PropertyValueSpecification\",\"valueRequired\":true,\"valueName\":\"search_term_string\"}}],\"inLanguage\":\"hr\"}]}<\/script>\n<!-- \/ Yoast SEO plugin. -->","yoast_head_json":{"title":"otisak - Villa Emely Croatia","robots":{"index":"index","follow":"follow","max-snippet":"max-snippet:-1","max-image-preview":"max-image-preview:large","max-video-preview":"max-video-preview:-1"},"canonical":"https:\/\/villa-emely.com\/hr\/otisak\/","og_locale":"hr_HR","og_type":"article","og_title":"otisak - Villa Emely Croatia","og_description":"Oliver Roth Bertoldstr. 44 79098 Freiburg Njema\u010dka Kontakt: Email: po\u0161ta@villa-emely.com Rje\u0161avanje sporova Europska komisija pru\u017ea platformu za online rje\u0161avanje sporova (OS): https:\/\/ec.europa.eu\/consumers\/odr . Na\u0161u adresu e-po\u0161te mo\u017eete prona\u0107i u impresumu iznad. Nismo voljni niti smo obavezni sudjelovati u postupku rje\u0161avanja sporova pred arbitra\u017eom potro\u0161a\u010da. Odgovornost za sadr\u017eaj Kao pru\u017eatelji usluga odgovorni smo za vlastiti sadr\u017eaj [&hellip;]","og_url":"https:\/\/villa-emely.com\/hr\/otisak\/","og_site_name":"Villa Emely Croatia","twitter_card":"summary_large_image","twitter_misc":{"Procijenjeno vrijeme \u010ditanja":"2 minute"},"schema":{"@context":"https:\/\/schema.org","@graph":[{"@type":"WebPage","@id":"https:\/\/villa-emely.com\/hr\/otisak\/","url":"https:\/\/villa-emely.com\/hr\/otisak\/","name":"otisak - Villa Emely Croatia","isPartOf":{"@id":"https:\/\/villa-emely.com\/hr\/#website"},"datePublished":"2025-01-06T10:42:04+00:00","dateModified":"2025-01-06T10:42:04+00:00","breadcrumb":{"@id":"https:\/\/villa-emely.com\/hr\/otisak\/#breadcrumb"},"inLanguage":"hr","potentialAction":[{"@type":"ReadAction","target":["https:\/\/villa-emely.com\/hr\/otisak\/"]}]},{"@type":"BreadcrumbList","@id":"https:\/\/villa-emely.com\/hr\/otisak\/#breadcrumb","itemListElement":[{"@type":"ListItem","position":1,"name":"Startseite","item":"https:\/\/villa-emely.com\/hr\/"},{"@type":"ListItem","position":2,"name":"otisak"}]},{"@type":"WebSite","@id":"https:\/\/villa-emely.com\/hr\/#website","url":"https:\/\/villa-emely.com\/hr\/","name":"Villa Emely Croatia","description":"","potentialAction":[{"@type":"SearchAction","target":{"@type":"EntryPoint","urlTemplate":"https:\/\/villa-emely.com\/hr\/?s={search_term_string}"},"query-input":{"@type":"PropertyValueSpecification","valueRequired":true,"valueName":"search_term_string"}}],"inLanguage":"hr"}]}},"_links":{"self":[{"href":"https:\/\/villa-emely.com\/hr\/wp-json\/wp\/v2\/pages\/671","targetHints":{"allow":["GET"]}}],"collection":[{"href":"https:\/\/villa-emely.com\/hr\/wp-json\/wp\/v2\/pages"}],"about":[{"href":"https:\/\/villa-emely.com\/hr\/wp-json\/wp\/v2\/types\/page"}],"author":[{"embeddable":true,"href":"https:\/\/villa-emely.com\/hr\/wp-json\/wp\/v2\/users\/1"}],"replies":[{"embeddable":true,"href":"https:\/\/villa-emely.com\/hr\/wp-json\/wp\/v2\/comments?post=671"}],"version-history":[{"count":0,"href":"https:\/\/villa-emely.com\/hr\/wp-json\/wp\/v2\/pages\/671\/revisions"}],"wp:attachment":[{"href":"https:\/\/villa-emely.com\/hr\/wp-json\/wp\/v2\/media?parent=671"}],"curies":[{"name":"wp","href":"https:\/\/api.w.org\/{rel}","templated":true}]}}